{"id":2011,"date":"2024-05-15T12:30:39","date_gmt":"2024-05-15T10:30:39","guid":{"rendered":"https:\/\/www.bepindeeto.it\/index.php\/familie\/"},"modified":"2025-12-09T10:19:55","modified_gmt":"2025-12-09T09:19:55","slug":"familie","status":"publish","type":"page","link":"https:\/\/www.bepindeeto.it\/de\/familie\/","title":{"rendered":"Familie"},"content":{"rendered":"<p>[et_pb_section fb_built=&#8220;1&#8243; _builder_version=&#8220;4.27.4&#8243; _module_preset=&#8220;default&#8220; background_image=&#8220;https:\/\/www.bepindeeto.it\/wp-content\/uploads\/2025\/03\/Bepin-De-Eto-famiglia-in-barricaia-1920&#215;1080-1.avif&#8220; custom_margin=&#8220;||||true|false&#8220; custom_padding=&#8220;40vh||40vh||true|false&#8220; animation_style=&#8220;zoom&#8220; animation_duration=&#8220;1800ms&#8220; animation_intensity_zoom=&#8220;5%&#8220; animation_starting_opacity=&#8220;90%&#8220; background_last_edited=&#8220;on|phone&#8220; background_image_phone=&#8220;https:\/\/www.bepindeeto.it\/wp-content\/uploads\/2025\/03\/Bepin-De-Eto-famiglia-in-barricaia-1080&#215;1350-1.avif&#8220; background_enable_image_phone=&#8220;on&#8220; locked=&#8220;off&#8220; global_colors_info=&#8220;{}&#8220;][\/et_pb_section][et_pb_section fb_built=&#8220;1&#8243; custom_padding_last_edited=&#8220;on|desktop&#8220; _builder_version=&#8220;4.25.0&#8243; _module_preset=&#8220;default&#8220; custom_padding=&#8220;0px||0px||false|false&#8220; custom_padding_tablet=&#8220;||0px||false|false&#8220; custom_padding_phone=&#8220;||0px||false|false&#8220; global_colors_info=&#8220;{}&#8220;][et_pb_row _builder_version=&#8220;4.25.0&#8243; _module_preset=&#8220;default&#8220; custom_padding=&#8220;||0px||false|false&#8220; global_colors_info=&#8220;{}&#8220;][et_pb_column type=&#8220;4_4&#8243; _builder_version=&#8220;4.25.0&#8243; _module_preset=&#8220;default&#8220; global_colors_info=&#8220;{}&#8220;][dmpro_breadcrumbs bc_custom_home=&#8220;on&#8220; bc_home_text=&#8220;Home&#8220; bc_home_icon=&#8220;off&#8220; bc_schema=&#8220;off&#8220; bc_separator_color=&#8220;#6d6d6d&#8220; bc_hover_item_bg_color=&#8220;RGBA(255,255,255,0)&#8220; _builder_version=&#8220;4.25.0&#8243; _module_preset=&#8220;default&#8220; items_text_color=&#8220;#6d6d6d&#8220; module_alignment=&#8220;center&#8220; items_text_color_tablet=&#8220;#6d6d6d&#8220; items_text_color_phone=&#8220;#6d6d6d&#8220; items_text_color_last_edited=&#8220;on|desktop&#8220; global_colors_info=&#8220;{}&#8220; items_text_color__hover_enabled=&#8220;off|hover&#8220; items_text_color__hover=&#8220;#EBC15B&#8220;][\/dmpro_breadcrumbs][\/et_pb_column][\/et_pb_row][et_pb_row _builder_version=&#8220;4.25.0&#8243; _module_preset=&#8220;default&#8220; global_colors_info=&#8220;{}&#8220;][et_pb_column type=&#8220;4_4&#8243; _builder_version=&#8220;4.25.0&#8243; _module_preset=&#8220;default&#8220; global_colors_info=&#8220;{}&#8220;][et_pb_image src=&#8220;https:\/\/www.bepindeeto.it\/wp-content\/uploads\/2024\/05\/Bepin-De-Eto-Colori-Brand-Stelle-in-linea.svg&#8220; alt=&#8220;Bepin De Eto Colori Brand Stelle in linea&#8220; title_text=&#8220;Bepin De Eto Colori Brand Stelle in linea&#8220; _builder_version=&#8220;4.25.0&#8243; _module_preset=&#8220;default&#8220; width=&#8220;25%&#8220; width_tablet=&#8220;35%&#8220; width_phone=&#8220;75%&#8220; width_last_edited=&#8220;on|phone&#8220; module_alignment=&#8220;center&#8220; locked=&#8220;off&#8220; global_colors_info=&#8220;{}&#8220;][\/et_pb_image][et_pb_text _builder_version=&#8220;4.27.2&#8243; _module_preset=&#8220;default&#8220; header_font=&#8220;|||on|||||&#8220; text_orientation=&#8220;center&#8220; width=&#8220;60%&#8220; width_tablet=&#8220;60%&#8220; width_phone=&#8220;100%&#8220; width_last_edited=&#8220;on|phone&#8220; module_alignment=&#8220;center&#8220; global_colors_info=&#8220;{}&#8220;]<\/p>\n<h1>Das moderne Lagerfeuer, bei dem altes Wissen \u00fcberliefert wird<\/h1>\n<p>[\/et_pb_text][et_pb_text _builder_version=&#8220;4.27.2&#8243; _module_preset=&#8220;default&#8220; width=&#8220;60%&#8220; width_tablet=&#8220;60%&#8220; width_phone=&#8220;100%&#8220; width_last_edited=&#8220;on|phone&#8220; module_alignment=&#8220;center&#8220; global_colors_info=&#8220;{}&#8220;]<\/p>\n<h2>Es gibt mentale Systeme und Denkweisen, die Entscheidungen und Handlungen beeinflussen. Manchmal sind sie das Ergebnis eines im Laufe der Zeit gestalteten Weges, manchmal aber auch angeborene Prozesse einer Familientradition. In Venetien, eingebettet in den Colli di Conegliano, steht im Unternehmen der Familie Ceschin diese Ordnung als ein Synonym f\u00fcr Exzellenz. Es ist die Suche nach einer nat\u00fcrlichen Stimmigkeit zwischen den vollzogenen Gesten und den Gedanken, die sie hervorrufen. Es geht um die Demut, stets einen Schritt zur\u00fcckzutreten und sich selbst in die richtige Perspektive zu setzen, um mit einem wachsamen Blick von der Erfahrung der V\u00e4ter und Gro\u00dfv\u00e4ter zu lernen.    <\/h2>\n<p>[\/et_pb_text][et_pb_button button_url=&#8220;@ET-DC@eyJkeW5hbWljIjp0cnVlLCJjb250ZW50IjoicG9zdF9saW5rX3VybF9wYWdlIiwic2V0dGluZ3MiOnsicG9zdF9pZCI6IjQwIn19@&#8220; button_text=&#8220;das Gebiet&#8220; _builder_version=&#8220;4.27.4&#8243; _dynamic_attributes=&#8220;button_url&#8220; _module_preset=&#8220;default&#8220; button_text_color=&#8220;#5c5c5c&#8220; global_colors_info=&#8220;{}&#8220;][\/et_pb_button][\/et_pb_column][\/et_pb_row][\/et_pb_section][et_pb_section fb_built=&#8220;1&#8243; custom_padding_last_edited=&#8220;on|desktop&#8220; _builder_version=&#8220;4.25.0&#8243; _module_preset=&#8220;default&#8220; custom_padding=&#8220;||0px||false|false&#8220; custom_padding_tablet=&#8220;||0px||false|false&#8220; custom_padding_phone=&#8220;||0px||false|false&#8220; global_colors_info=&#8220;{}&#8220;][et_pb_row _builder_version=&#8220;4.25.0&#8243; _module_preset=&#8220;default&#8220; global_colors_info=&#8220;{}&#8220;][et_pb_column type=&#8220;4_4&#8243; _builder_version=&#8220;4.25.0&#8243; _module_preset=&#8220;default&#8220; global_colors_info=&#8220;{}&#8220;][dmpro_timeline line_area_size=&#8220;200px&#8220; timeline_active_line_color=&#8220;#EBC15B&#8220; _builder_version=&#8220;4.27.4&#8243; _module_preset=&#8220;default&#8220; max_width_phone=&#8220;100%&#8220; max_width_last_edited=&#8220;off|phone&#8220; min_height_last_edited=&#8220;off|phone&#8220; custom_margin_tablet=&#8220;&#8220; custom_margin_phone=&#8220;|||-90px|false|false&#8220; custom_margin_last_edited=&#8220;on|tablet&#8220; module_alignment_tablet=&#8220;&#8220; module_alignment_phone=&#8220;center&#8220; module_alignment_last_edited=&#8220;on|phone&#8220; border_radii=&#8220;on|10px|10px|10px|10px&#8220; global_colors_info=&#8220;{}&#8220;][dmpro_timeline_item admin_label=&#8220;1965&#8243; date=&#8220;1965&#8243; title=&#8220;In diesem Jahr liegen unsere Wurzeln&#8220; timeline_icon=&#8220;&#8220; timeline_icon_color=&#8220;#EBC15B&#8220; _builder_version=&#8220;4.27.4&#8243; _module_preset=&#8220;default&#8220; header_level=&#8220;h1&#8243; header_font=&#8220;Modern20BT||||||||&#8220; date_text_font=&#8220;Modern20BT||||||||&#8220; date_text_text_color=&#8220;#EBC15B&#8220; date_text_font_size=&#8220;3em&#8220; button_rel=&#8220;off|off|off|off|off&#8220; border_radii_image=&#8220;on|10px|10px|10px|10px&#8220; global_colors_info=&#8220;{}&#8220;]<\/p>\n<p>Eine Flasche Bepin De Eto zwischen den H\u00e4nden zu halten, bedeutet, die Vision, die diese ersten 60 Jahre der sich kontinuierlich weiterentwickelnden Weinkellerei begleitet hat, bewundern und verk\u00f6stigen zu k\u00f6nnen.<\/p>\n<p>[\/dmpro_timeline_item][dmpro_timeline_item admin_label=&#8220;1974&#8243; date=&#8220;1974&#8243; title=&#8220;Sich in einem Symbol wiederzuerkennen&#8220; timeline_icon=&#8220;&#8220; _builder_version=&#8220;4.27.4&#8243; _module_preset=&#8220;default&#8220; header_level=&#8220;h1&#8243; header_font=&#8220;Modern20BT||||||||&#8220; date_text_font=&#8220;Modern20BT||||||||&#8220; date_text_text_color=&#8220;#EBC15B&#8220; date_text_font_size=&#8220;3em&#8220; global_colors_info=&#8220;{}&#8220;]<\/p>\n<p>Der Wunsch, sich als Teil eines gro\u00dfen Projektes zu f\u00fchlen, das all jenen, die daran teilhaben, geh\u00f6ren kann, wurde vom bekannten venezianischen Maler Renato Varese, dem Sch\u00f6pfer unseres Logos, eingefangen.<\/p>\n<p>[\/dmpro_timeline_item][dmpro_timeline_item admin_label=&#8220;1988&#8243; date=&#8220;1988&#8243; title=&#8220;Feste Entscheidungen f\u00fcr Wege der Qualit\u00e4t&#8220; timeline_icon=&#8220;&#8220; _builder_version=&#8220;4.27.4&#8243; _module_preset=&#8220;default&#8220; header_level=&#8220;h1&#8243; header_font=&#8220;Modern20BT||||||||&#8220; date_text_font=&#8220;Modern20BT||||||||&#8220; date_text_text_color=&#8220;#EBC15B&#8220; date_text_font_size=&#8220;3em&#8220; global_colors_info=&#8220;{}&#8220;]<\/p>\n<p>Ettore Ceschin beschlie\u00dft, die Kellerei zu erweitern, indem er f\u00fcr einige Prozesse , wie das Untersto\u00dfen, Automatisierungssysteme einf\u00fchrt, und zwar immer unter Gew\u00e4hrleistung des vollen Respektes gegen\u00fcber dem Geschenk von Mutter Natur.<\/p>\n<p>[\/dmpro_timeline_item][dmpro_timeline_item admin_label=&#8220;1999&#8243; date=&#8220;1999&#8243; title=&#8220;Das Schaffen von Wein ist ein Dialog mit der Kunst&#8220; timeline_icon=&#8220;&#8220; _builder_version=&#8220;4.27.4&#8243; _module_preset=&#8220;default&#8220; header_level=&#8220;h1&#8243; header_font=&#8220;Modern20BT||||||||&#8220; date_text_font=&#8220;Modern20BT||||||||&#8220; date_text_text_color=&#8220;#EBC15B&#8220; date_text_font_size=&#8220;3em&#8220; global_colors_info=&#8220;{}&#8220;]<\/p>\n<p>Bepin De Eto organisiert im Caff\u00e8 Internazionale Pedrocchi in Padua seine erste Ausstellung mit Skulpturen von Giuliano Gemma.<\/p>\n<p>[\/dmpro_timeline_item][dmpro_timeline_item admin_label=&#8220;2015&#8243; date=&#8220;2015&#8243; title=&#8220;50 Jahre Bepin De Eto!&#8220; timeline_icon=&#8220;&#8220; _builder_version=&#8220;4.27.4&#8243; _module_preset=&#8220;default&#8220; header_level=&#8220;h1&#8243; header_font=&#8220;Modern20BT||||||||&#8220; date_text_font=&#8220;Modern20BT||||||||&#8220; date_text_text_color=&#8220;#EBC15B&#8220; date_text_font_size=&#8220;3em&#8220; global_colors_info=&#8220;{}&#8220;]<\/p>\n<p>Um ein halbes Jahrhundert stilvoll zu feiern, definiert Bepin De Eto die Form und die Textur des ikonischen Designs seiner Schaumweinflasche neu.<\/p>\n<p>[\/dmpro_timeline_item][dmpro_timeline_item admin_label=&#8220;2025&#8243; date=&#8220;2025&#8243; title=&#8220;Die 60er: eine neue \u00c4ra, die gleiche Vortrefflichkeit&#8220; timeline_icon=&#8220;\ue030||divi||400&#8243; _builder_version=&#8220;4.27.4&#8243; _module_preset=&#8220;default&#8220; header_level=&#8220;h1&#8243; header_font=&#8220;Modern20BT||||||||&#8220; date_text_font=&#8220;Modern20BT||||||||&#8220; date_text_text_color=&#8220;#EBC15B&#8220; date_text_font_size=&#8220;3em&#8220; global_colors_info=&#8220;{}&#8220;]<\/p>\n<p>Mit der Vollendung von 60 Jahren T\u00e4tigkeit erweitert sich der Horizont, gest\u00e4rkt durch neue Visionen und erneuerte Instrumente, um die Aufrechterhaltung der h\u00f6chsten Qualit\u00e4t der Weine zu gew\u00e4hrleisten.<\/p>\n<p>[\/dmpro_timeline_item][\/dmpro_timeline][\/et_pb_column][\/et_pb_row][\/et_pb_section][et_pb_section fb_built=&#8220;1&#8243; _builder_version=&#8220;4.25.0&#8243; _module_preset=&#8220;default&#8220; global_colors_info=&#8220;{}&#8220;][et_pb_row column_structure=&#8220;1_2,1_2&#8243; _builder_version=&#8220;4.25.0&#8243; _module_preset=&#8220;default&#8220; global_colors_info=&#8220;{}&#8220;][et_pb_column type=&#8220;1_2&#8243; _builder_version=&#8220;4.25.0&#8243; _module_preset=&#8220;default&#8220; global_colors_info=&#8220;{}&#8220;][et_pb_image src=&#8220;https:\/\/www.bepindeeto.it\/wp-content\/uploads\/2024\/05\/Bepin-De-Eto-Giuseppe-Ceschin-jpg.webp&#8220; alt=&#8220;Bepin De Eto Giuseppe Ceschin&#8220; title_text=&#8220;Bepin De Eto Giuseppe Ceschin&#8220; _builder_version=&#8220;4.25.0&#8243; _module_preset=&#8220;default&#8220; scroll_horizontal_motion_enable=&#8220;on&#8220; scroll_horizontal_motion=&#8220;0|50|50|100|-0.5|0|0&#8243; border_radii=&#8220;on|10px|10px|10px|10px&#8220; global_colors_info=&#8220;{}&#8220;][\/et_pb_image][et_pb_text _builder_version=&#8220;4.25.0&#8243; _module_preset=&#8220;default&#8220; header_6_font=&#8220;&#8211;et_global_body_font||||||||&#8220; header_6_text_align_tablet=&#8220;center&#8220; header_6_text_align_phone=&#8220;center&#8220; header_6_text_align_last_edited=&#8220;on|phone&#8220; global_colors_info=&#8220;{}&#8220;]<\/p>\n<h6>Giuseppe, 1939.<\/h6>\n<p>[\/et_pb_text][\/et_pb_column][et_pb_column type=&#8220;1_2&#8243; _builder_version=&#8220;4.25.0&#8243; _module_preset=&#8220;default&#8220; global_colors_info=&#8220;{}&#8220;][et_pb_image src=&#8220;https:\/\/www.bepindeeto.it\/wp-content\/uploads\/2024\/05\/Bepin-De-Eto-Nicoletto-Ceschin-jpg.webp&#8220; alt=&#8220;Bepin De Eto Nicoletto Ceschin&#8220; title_text=&#8220;Bepin De Eto Nicoletto Ceschin&#8220; align_tablet=&#8220;center&#8220; align_phone=&#8220;center&#8220; align_last_edited=&#8220;on|phone&#8220; _builder_version=&#8220;4.25.0&#8243; _module_preset=&#8220;default&#8220; width=&#8220;35%&#8220; width_tablet=&#8220;30%&#8220; width_phone=&#8220;60%&#8220; width_last_edited=&#8220;on|phone&#8220; custom_margin=&#8220;||15px||false|false&#8220; custom_margin_tablet=&#8220;||15px||false|false&#8220; custom_margin_phone=&#8220;||15px||false|false&#8220; custom_margin_last_edited=&#8220;on|phone&#8220; custom_padding=&#8220;||||false|false&#8220; scroll_horizontal_motion_enable=&#8220;on&#8220; scroll_horizontal_motion=&#8220;0|50|50|100|0.5|0|0&#8243; module_alignment_tablet=&#8220;&#8220; module_alignment_phone=&#8220;center&#8220; module_alignment_last_edited=&#8220;on|tablet&#8220; global_colors_info=&#8220;{}&#8220;][\/et_pb_image][et_pb_text _builder_version=&#8220;4.25.0&#8243; _module_preset=&#8220;default&#8220; header_6_font=&#8220;&#8211;et_global_body_font||||||||&#8220; header_6_text_align_tablet=&#8220;center&#8220; header_6_text_align_phone=&#8220;center&#8220; header_6_text_align_last_edited=&#8220;on|phone&#8220; global_colors_info=&#8220;{}&#8220;]<\/p>\n<h6>Nicoletto, 1939.<\/h6>\n<p>[\/et_pb_text][et_pb_text _builder_version=&#8220;4.27.2&#8243; _module_preset=&#8220;default&#8220; header_2_text_align=&#8220;left&#8220; custom_margin=&#8220;||0px||false|false&#8220; custom_padding=&#8220;||||false|false&#8220; header_2_text_align_tablet=&#8220;center&#8220; header_2_text_align_phone=&#8220;center&#8220; header_2_text_align_last_edited=&#8220;on|tablet&#8220; global_colors_info=&#8220;{}&#8220;]<\/p>\n<h2>Sich selbst auf der Suche nach neuen Herausforderungen antreibend, wagte Nicoletto den Ausbau seiner Leidenschaft, und zwar auf dem soliden Fundament der Liebe zu seiner Region. Jahr f\u00fcr Jahr schuf er mit den Bausteinen des Enthusiasmus ein Werk, das an seinen Sohn Mos\u00e8 und seinerseits an seinen Sohn Giuseppe \u00fcberging. In ihm sah die unverbl\u00fcmteste Volksseele der lokalen Bev\u00f6lkerung eine derartige \u00c4hnlichkeit mit dem Gro\u00dfvater Nicoletto, dass sie ihm den <strong>Spitznamen Bepin De Eto,<\/strong> Giuseppe von Nicoletto, gaben. Ab dem Jahr 1965, nachdem er die Geheimnisse des Handwerks erlernt und das Vertrauen seiner Region gewonnen hatte, f\u00fchre Ettore, Sohn von Giuseppe, mit Entschlossenheit und heute Unterst\u00fctzung seiner drei T\u00f6chter, das Familienunternehmen. Dieser Spitznamen und Namensgeber des Unternehmens, Bepin de Eto, steht als Erinnerung an seinen Vater, seine Familie und seine Geschichte.    <\/h2>\n<p>[\/et_pb_text][et_pb_image src=&#8220;https:\/\/www.bepindeeto.it\/wp-content\/uploads\/2024\/05\/Bepin-De-Eto-firma-Ettore-Ceschin-v.svg&#8220; alt=&#8220;Bepin De Eto unterzeichnet Ettore Ceschin-v&#8220; title_text=&#8220;Bepin De Eto unterzeichnet Ettore Ceschin-v&#8220; _builder_version=&#8220;4.25.0&#8243; _module_preset=&#8220;default&#8220; width=&#8220;45%&#8220; width_tablet=&#8220;30%&#8220; width_phone=&#8220;55%&#8220; width_last_edited=&#8220;on|phone&#8220; scroll_vertical_motion_enable=&#8220;on&#8220; scroll_vertical_motion=&#8220;0|25|25|100|0.5|0|0&#8243; scroll_fade_enable=&#8220;on&#8220; scroll_fade=&#8220;0|25|25|100|0|100|100&#8243; module_alignment_tablet=&#8220;center&#8220; module_alignment_phone=&#8220;center&#8220; module_alignment_last_edited=&#8220;on|tablet&#8220; global_colors_info=&#8220;{}&#8220;][\/et_pb_image][\/et_pb_column][\/et_pb_row][\/et_pb_section][et_pb_section fb_built=&#8220;1&#8243; disabled_on=&#8220;on|on|on&#8220; _builder_version=&#8220;4.25.0&#8243; _module_preset=&#8220;default&#8220; background_color=&#8220;#f7f7f7&#8243; disabled=&#8220;on&#8220; locked=&#8220;off&#8220; global_colors_info=&#8220;{}&#8220;][et_pb_row _builder_version=&#8220;4.25.0&#8243; _module_preset=&#8220;default&#8220; global_colors_info=&#8220;{}&#8220;][et_pb_column type=&#8220;4_4&#8243; _builder_version=&#8220;4.25.0&#8243; _module_preset=&#8220;default&#8220; global_colors_info=&#8220;{}&#8220;][et_pb_image src=&#8220;https:\/\/www.bepindeeto.it\/wp-content\/uploads\/2024\/05\/Bepin-De-Eto-stella-gialla-v.svg&#8220; alt=&#8220;Bepin De Eto stella gialla-v&#8220; title_text=&#8220;Bepin De Eto stella gialla-v&#8220; _builder_version=&#8220;4.25.0&#8243; _module_preset=&#8220;default&#8220; width=&#8220;4%&#8220; width_tablet=&#8220;7%&#8220; width_phone=&#8220;13%&#8220; width_last_edited=&#8220;on|phone&#8220; module_alignment=&#8220;center&#8220; global_colors_info=&#8220;{}&#8220;][\/et_pb_image][et_pb_text _builder_version=&#8220;4.27.2&#8243; _module_preset=&#8220;default&#8220; header_2_font=&#8220;Modern20BT|||on|||||&#8220; header_2_font_size=&#8220;1.8em&#8220; width=&#8220;60%&#8220; width_tablet=&#8220;60%&#8220; width_phone=&#8220;100%&#8220; width_last_edited=&#8220;on|phone&#8220; module_alignment=&#8220;center&#8220; header_2_font_size_tablet=&#8220;1.8em&#8220; header_2_font_size_phone=&#8220;1.8em&#8220; header_2_font_size_last_edited=&#8220;on|tablet&#8220; global_colors_info=&#8220;{}&#8220;]<\/p>\n<h2>Personen und Beziehungen verleihen unserer Welt die Form<\/h2>\n<p>[\/et_pb_text][et_pb_text _builder_version=&#8220;4.27.2&#8243; _module_preset=&#8220;default&#8220; width=&#8220;60%&#8220; width_tablet=&#8220;60%&#8220; width_phone=&#8220;100%&#8220; width_last_edited=&#8220;on|phone&#8220; module_alignment=&#8220;center&#8220; locked=&#8220;off&#8220; global_colors_info=&#8220;{}&#8220;]<\/p>\n<h2>Die Vortrefflichkeit bei Bepin De Eto baut sich auf famili\u00e4ren und beruflichen Bindungen auf, mit Entscheidungen und Taten von Menschen, aber vor allem mit den Gef\u00fchlen, die spontane Prozesse und ebenso unverf\u00e4lschte Weine ausl\u00f6sen.<\/h2>\n<p>[\/et_pb_text][\/et_pb_column][\/et_pb_row][et_pb_row column_structure=&#8220;1_2,1_2&#8243; _builder_version=&#8220;4.25.0&#8243; _module_preset=&#8220;default&#8220; custom_padding=&#8220;||0px||false|false&#8220; global_colors_info=&#8220;{}&#8220;][et_pb_column type=&#8220;1_2&#8243; _builder_version=&#8220;4.25.0&#8243; _module_preset=&#8220;default&#8220; global_colors_info=&#8220;{}&#8220;][dmpro_hover_box content_image=&#8220;https:\/\/www.bepindeeto.it\/wp-content\/uploads\/2024\/06\/fashion-designer-04-jpg.webp&#8220; content_hover_title=&#8220;Chiara Barletti&#8220; use_content_hover_icon=&#8220;on&#8220; content_hover_icon=&#8220;C||divi||400&#8243; content_hover_icon_color=&#8220;#EBC15B&#8220; content_hover_content=&#8220;<\/p>\n<p>Gratquod furi se iam te vastalin ducit pro is inatque ex se ad cerces, nostimus bonsus vis periam esimihici pec tempoti cienat, sicatrit, cone conicaeque acto construm publinv erferfita. Gratquod furi se iam te vastalin ducit pro is inatque ex se ad cerces. <\/p>\n<p>&#8220; hover_type=&#8220;fade&#8220; animation_speed=&#8220;1200ms&#8220; content_bg_color=&#8220;RGBA(255,255,255,0)&#8220; _builder_version=&#8220;4.27.0&#8243; _module_preset=&#8220;default&#8220; border_radii=&#8220;on|10px|10px|10px|10px&#8220; border_radii_content_image=&#8220;on|20px|20px|20px|20px&#8220; global_colors_info=&#8220;{}&#8220;][\/dmpro_hover_box][dmpro_hover_box content_image=&#8220;https:\/\/www.bepindeeto.it\/wp-content\/uploads\/2024\/06\/fashion-designer-04-jpg.webp&#8220; content_hover_title=&#8220;Chiara Barletti&#8220; use_content_hover_icon=&#8220;on&#8220; content_hover_icon=&#8220;C||divi||400&#8243; content_hover_icon_color=&#8220;#EBC15B&#8220; content_hover_content=&#8220;<\/p>\n<p>Gratquod furi se iam te vastalin ducit pro is inatque ex se ad cerces, nostimus bonsus vis periam esimihici pec tempoti cienat, sicatrit, cone conicaeque acto construm publinv erferfita. Gratquod furi se iam te vastalin ducit pro is inatque ex se ad cerces. <\/p>\n<p>&#8220; hover_type=&#8220;fade&#8220; animation_speed=&#8220;1200ms&#8220; content_bg_color=&#8220;RGBA(255,255,255,0)&#8220; _builder_version=&#8220;4.27.0&#8243; _module_preset=&#8220;default&#8220; border_radii=&#8220;on|10px|10px|10px|10px&#8220; border_radii_content_image=&#8220;on|20px|20px|20px|20px&#8220; global_colors_info=&#8220;{}&#8220;][\/dmpro_hover_box][dmpro_hover_box content_image=&#8220;https:\/\/www.bepindeeto.it\/wp-content\/uploads\/2024\/06\/fashion-designer-04-jpg.webp&#8220; content_hover_title=&#8220;Chiara Barletti&#8220; use_content_hover_icon=&#8220;on&#8220; content_hover_icon=&#8220;C||divi||400&#8243; content_hover_icon_color=&#8220;#EBC15B&#8220; content_hover_content=&#8220;<\/p>\n<p>Gratquod furi se iam te vastalin ducit pro is inatque ex se ad cerces, nostimus bonsus vis periam esimihici pec tempoti cienat, sicatrit, cone conicaeque acto construm publinv erferfita. Gratquod furi se iam te vastalin ducit pro is inatque ex se ad cerces. <\/p>\n<p>&#8220; hover_type=&#8220;fade&#8220; animation_speed=&#8220;1200ms&#8220; content_bg_color=&#8220;RGBA(255,255,255,0)&#8220; _builder_version=&#8220;4.27.0&#8243; _module_preset=&#8220;default&#8220; border_radii=&#8220;on|10px|10px|10px|10px&#8220; border_radii_content_image=&#8220;on|20px|20px|20px|20px&#8220; global_colors_info=&#8220;{}&#8220;][\/dmpro_hover_box][\/et_pb_column][et_pb_column type=&#8220;1_2&#8243; _builder_version=&#8220;4.27.0&#8243; _module_preset=&#8220;default&#8220; global_colors_info=&#8220;{}&#8220;][dmpro_hover_box content_image=&#8220;https:\/\/www.bepindeeto.it\/wp-content\/uploads\/2024\/06\/fashion-designer-04-jpg.webp&#8220; content_hover_title=&#8220;Chiara Barletti&#8220; use_content_hover_icon=&#8220;on&#8220; content_hover_icon=&#8220;C||divi||400&#8243; content_hover_icon_color=&#8220;#EBC15B&#8220; content_hover_content=&#8220;<\/p>\n<p>Gratquod furi se iam te vastalin ducit pro is inatque ex se ad cerces, nostimus bonsus vis periam esimihici pec tempoti cienat, sicatrit, cone conicaeque acto construm publinv erferfita. Gratquod furi se iam te vastalin ducit pro is inatque ex se ad cerces. <\/p>\n<p>&#8220; hover_type=&#8220;fade&#8220; animation_speed=&#8220;1200ms&#8220; content_bg_color=&#8220;RGBA(255,255,255,0)&#8220; _builder_version=&#8220;4.27.0&#8243; _module_preset=&#8220;default&#8220; border_radii=&#8220;on|10px|10px|10px|10px&#8220; border_radii_content_image=&#8220;on|20px|20px|20px|20px&#8220; global_colors_info=&#8220;{}&#8220;][\/dmpro_hover_box][dmpro_hover_box content_image=&#8220;https:\/\/www.bepindeeto.it\/wp-content\/uploads\/2024\/06\/fashion-designer-04-jpg.webp&#8220; content_hover_title=&#8220;Chiara Barletti&#8220; use_content_hover_icon=&#8220;on&#8220; content_hover_icon=&#8220;C||divi||400&#8243; content_hover_icon_color=&#8220;#EBC15B&#8220; content_hover_content=&#8220;<\/p>\n<p>Gratquod furi se iam te vastalin ducit pro is inatque ex se ad cerces, nostimus bonsus vis periam esimihici pec tempoti cienat, sicatrit, cone conicaeque acto construm publinv erferfita. Gratquod furi se iam te vastalin ducit pro is inatque ex se ad cerces. <\/p>\n<p>&#8220; hover_type=&#8220;fade&#8220; animation_speed=&#8220;1200ms&#8220; content_bg_color=&#8220;RGBA(255,255,255,0)&#8220; _builder_version=&#8220;4.27.0&#8243; _module_preset=&#8220;default&#8220; border_radii=&#8220;on|10px|10px|10px|10px&#8220; border_radii_content_image=&#8220;on|20px|20px|20px|20px&#8220; global_colors_info=&#8220;{}&#8220;][\/dmpro_hover_box][dmpro_hover_box content_image=&#8220;https:\/\/www.bepindeeto.it\/wp-content\/uploads\/2024\/06\/fashion-designer-04-jpg.webp&#8220; content_hover_title=&#8220;Chiara Barletti&#8220; use_content_hover_icon=&#8220;on&#8220; content_hover_icon=&#8220;C||divi||400&#8243; content_hover_icon_color=&#8220;#EBC15B&#8220; content_hover_content=&#8220;<\/p>\n<p>Gratquod furi se iam te vastalin ducit pro is inatque ex se ad cerces, nostimus bonsus vis periam esimihici pec tempoti cienat, sicatrit, cone conicaeque acto construm publinv erferfita. Gratquod furi se iam te vastalin ducit pro is inatque ex se ad cerces. <\/p>\n<p>&#8220; hover_type=&#8220;fade&#8220; animation_speed=&#8220;1200ms&#8220; content_bg_color=&#8220;RGBA(255,255,255,0)&#8220; _builder_version=&#8220;4.27.0&#8243; _module_preset=&#8220;default&#8220; border_radii=&#8220;on|10px|10px|10px|10px&#8220; border_radii_content_image=&#8220;on|20px|20px|20px|20px&#8220; global_colors_info=&#8220;{}&#8220;][\/dmpro_hover_box][\/et_pb_column][\/et_pb_row][et_pb_row _builder_version=&#8220;4.27.0&#8243; _module_preset=&#8220;default&#8220; custom_margin=&#8220;50px||||false|false&#8220; custom_margin_tablet=&#8220;50px||||false|false&#8220; custom_margin_phone=&#8220;0px||||false|false&#8220; custom_margin_last_edited=&#8220;on|phone&#8220; custom_padding=&#8220;||||false|false&#8220; global_colors_info=&#8220;{}&#8220;][et_pb_column type=&#8220;4_4&#8243; _builder_version=&#8220;4.25.0&#8243; _module_preset=&#8220;default&#8220; global_colors_info=&#8220;{}&#8220;][et_pb_button button_text=&#8220;das weingut&#8220; _builder_version=&#8220;4.25.0&#8243; _module_preset=&#8220;default&#8220; button_text_color=&#8220;#5c5c5c&#8220; global_colors_info=&#8220;{}&#8220;][\/et_pb_button][\/et_pb_column][\/et_pb_row][\/et_pb_section]<\/p>\n","protected":false},"excerpt":{"rendered":"<p><div class=\"et_pb_module dmpro_breadcrumbs dmpro_breadcrumbs_0\">\n\t\t\t\t\n\t\t\t\t\n\t\t\t\t\n\t\t\t\t\n\t\t\t\t\n\t\t\t\t\n\t\t\t\t<div class=\"et_pb_module_inner\">\n\t\t\t\t\t<div class=\"dmpro-breadcrumbs\">\n                <ul >\n                    \t\n                    <li  class=\"dmpro-breadcrumb-item dmpro-breadcrumb-home\">\n                                    <a  href=\"\">\n                        <span  >\n                                                        Home                        <\/span>\n                    <\/a>\n                                            <\/li>\n\t\t\t\n            \n            <li class=\"dmpro-breadcrumb-separator\"><span class=\"et-pb-icon dmpro-separator-icon\">$<\/span><\/li>\t\t\t\n            \n                <\/ul>\n            <\/div>\n\t\t\t\t<\/div>\n\t\t\t<\/div>Das moderne Lagerfeuer, bei dem altes Wissen \u00fcberliefert wirdEs gibt mentale Systeme und Denkweisen, die Entscheidungen und Handlungen beeinflussen. Manchmal sind sie das Ergebnis eines im Laufe der Zeit gestalteten Weges, manchmal aber auch angeborene Prozesse einer Familientradition. In\u2026 <a href=\"https:\/\/www.bepindeeto.it\/de\/familie\/\">Read More &raquo;<\/a><\/p>\n","protected":false},"author":1,"featured_media":0,"parent":0,"menu_order":0,"comment_status":"closed","ping_status":"closed","template":"","meta":{"_et_pb_use_builder":"on","_et_pb_old_content":"","_et_gb_content_width":"","footnotes":""},"class_list":["post-2011","page","type-page","status-publish","hentry"],"yoast_head":"<!-- This site is optimized with the Yoast SEO plugin v27.2 - https:\/\/yoast.com\/product\/yoast-seo-wordpress\/ -->\n<title>Bepin De Eto: Geschichte und Tradition unserer Winzerfamilie<\/title>\n<meta name=\"description\" content=\"Entdecken Sie die Geschichte der Familie Ceschin und des Weinguts Bepin De Eto, gepr\u00e4gt von Leidenschaft, Terroir und Tradition in den H\u00fcgeln von Conegliano.\" \/>\n<meta name=\"robots\" content=\"index, follow, max-snippet:-1, max-image-preview:large, max-video-preview:-1\" \/>\n<link rel=\"canonical\" href=\"https:\/\/www.bepindeeto.it\/de\/familie\/\" \/>\n<meta property=\"og:locale\" content=\"de_DE\" \/>\n<meta property=\"og:type\" content=\"article\" \/>\n<meta property=\"og:title\" content=\"Bepin De Eto: Geschichte und Tradition unserer Winzerfamilie\" \/>\n<meta property=\"og:description\" content=\"Entdecken Sie die Geschichte der Familie Ceschin und des Weinguts Bepin De Eto, gepr\u00e4gt von Leidenschaft, Terroir und Tradition in den H\u00fcgeln von Conegliano.\" \/>\n<meta property=\"og:url\" content=\"https:\/\/www.bepindeeto.it\/de\/familie\/\" \/>\n<meta property=\"og:site_name\" content=\"bepindeeto.it\" \/>\n<meta property=\"article:publisher\" content=\"https:\/\/www.facebook.com\/cantinabepindeeto\" \/>\n<meta property=\"article:modified_time\" content=\"2025-12-09T09:19:55+00:00\" \/>\n<meta name=\"twitter:card\" content=\"summary_large_image\" \/>\n<meta name=\"twitter:label1\" content=\"Gesch\u00e4tzte Lesezeit\" \/>\n\t<meta name=\"twitter:data1\" content=\"14\u00a0Minuten\" \/>\n<script type=\"application\/ld+json\" class=\"yoast-schema-graph\">{\"@context\":\"https:\/\/schema.org\",\"@graph\":[{\"@type\":\"WebPage\",\"@id\":\"https:\/\/www.bepindeeto.it\/de\/familie\/\",\"url\":\"https:\/\/www.bepindeeto.it\/de\/familie\/\",\"name\":\"Bepin De Eto: Geschichte und Tradition unserer Winzerfamilie\",\"isPartOf\":{\"@id\":\"https:\/\/www.bepindeeto.it\/#website\"},\"datePublished\":\"2024-05-15T10:30:39+00:00\",\"dateModified\":\"2025-12-09T09:19:55+00:00\",\"description\":\"Entdecken Sie die Geschichte der Familie Ceschin und des Weinguts Bepin De Eto, gepr\u00e4gt von Leidenschaft, Terroir und Tradition in den H\u00fcgeln von Conegliano.\",\"breadcrumb\":{\"@id\":\"https:\/\/www.bepindeeto.it\/de\/familie\/#breadcrumb\"},\"inLanguage\":\"de\",\"potentialAction\":[{\"@type\":\"ReadAction\",\"target\":[\"https:\/\/www.bepindeeto.it\/de\/familie\/\"]}]},{\"@type\":\"BreadcrumbList\",\"@id\":\"https:\/\/www.bepindeeto.it\/de\/familie\/#breadcrumb\",\"itemListElement\":[{\"@type\":\"ListItem\",\"position\":1,\"name\":\"Home\",\"item\":\"https:\/\/www.bepindeeto.it\/de\/startseite\/\"},{\"@type\":\"ListItem\",\"position\":2,\"name\":\"Familie\"}]},{\"@type\":\"WebSite\",\"@id\":\"https:\/\/www.bepindeeto.it\/#website\",\"url\":\"https:\/\/www.bepindeeto.it\/\",\"name\":\"bepindeeto.it\",\"description\":\"Vino. Opera di Famiglia. Dal 1965.\",\"publisher\":{\"@id\":\"https:\/\/www.bepindeeto.it\/#organization\"},\"potentialAction\":[{\"@type\":\"SearchAction\",\"target\":{\"@type\":\"EntryPoint\",\"urlTemplate\":\"https:\/\/www.bepindeeto.it\/?s={search_term_string}\"},\"query-input\":{\"@type\":\"PropertyValueSpecification\",\"valueRequired\":true,\"valueName\":\"search_term_string\"}}],\"inLanguage\":\"de\"},{\"@type\":\"Organization\",\"@id\":\"https:\/\/www.bepindeeto.it\/#organization\",\"name\":\"bepindeeto.it\",\"url\":\"https:\/\/www.bepindeeto.it\/\",\"logo\":{\"@type\":\"ImageObject\",\"inLanguage\":\"de\",\"@id\":\"https:\/\/www.bepindeeto.it\/#\/schema\/logo\/image\/\",\"url\":\"https:\/\/www.bepindeeto.it\/wp-content\/uploads\/2024\/05\/Bepin-De-Eto-Logo-v-3.svg\",\"contentUrl\":\"https:\/\/www.bepindeeto.it\/wp-content\/uploads\/2024\/05\/Bepin-De-Eto-Logo-v-3.svg\",\"width\":175,\"height\":204,\"caption\":\"bepindeeto.it\"},\"image\":{\"@id\":\"https:\/\/www.bepindeeto.it\/#\/schema\/logo\/image\/\"},\"sameAs\":[\"https:\/\/www.facebook.com\/cantinabepindeeto\",\"https:\/\/www.instagram.com\/bepin_de_eto\/\"]}]}<\/script>\n<!-- \/ Yoast SEO plugin. -->","yoast_head_json":{"title":"Bepin De Eto: Geschichte und Tradition unserer Winzerfamilie","description":"Entdecken Sie die Geschichte der Familie Ceschin und des Weinguts Bepin De Eto, gepr\u00e4gt von Leidenschaft, Terroir und Tradition in den H\u00fcgeln von Conegliano.","robots":{"index":"index","follow":"follow","max-snippet":"max-snippet:-1","max-image-preview":"max-image-preview:large","max-video-preview":"max-video-preview:-1"},"canonical":"https:\/\/www.bepindeeto.it\/de\/familie\/","og_locale":"de_DE","og_type":"article","og_title":"Bepin De Eto: Geschichte und Tradition unserer Winzerfamilie","og_description":"Entdecken Sie die Geschichte der Familie Ceschin und des Weinguts Bepin De Eto, gepr\u00e4gt von Leidenschaft, Terroir und Tradition in den H\u00fcgeln von Conegliano.","og_url":"https:\/\/www.bepindeeto.it\/de\/familie\/","og_site_name":"bepindeeto.it","article_publisher":"https:\/\/www.facebook.com\/cantinabepindeeto","article_modified_time":"2025-12-09T09:19:55+00:00","twitter_card":"summary_large_image","twitter_misc":{"Gesch\u00e4tzte Lesezeit":"14\u00a0Minuten"},"schema":{"@context":"https:\/\/schema.org","@graph":[{"@type":"WebPage","@id":"https:\/\/www.bepindeeto.it\/de\/familie\/","url":"https:\/\/www.bepindeeto.it\/de\/familie\/","name":"Bepin De Eto: Geschichte und Tradition unserer Winzerfamilie","isPartOf":{"@id":"https:\/\/www.bepindeeto.it\/#website"},"datePublished":"2024-05-15T10:30:39+00:00","dateModified":"2025-12-09T09:19:55+00:00","description":"Entdecken Sie die Geschichte der Familie Ceschin und des Weinguts Bepin De Eto, gepr\u00e4gt von Leidenschaft, Terroir und Tradition in den H\u00fcgeln von Conegliano.","breadcrumb":{"@id":"https:\/\/www.bepindeeto.it\/de\/familie\/#breadcrumb"},"inLanguage":"de","potentialAction":[{"@type":"ReadAction","target":["https:\/\/www.bepindeeto.it\/de\/familie\/"]}]},{"@type":"BreadcrumbList","@id":"https:\/\/www.bepindeeto.it\/de\/familie\/#breadcrumb","itemListElement":[{"@type":"ListItem","position":1,"name":"Home","item":"https:\/\/www.bepindeeto.it\/de\/startseite\/"},{"@type":"ListItem","position":2,"name":"Familie"}]},{"@type":"WebSite","@id":"https:\/\/www.bepindeeto.it\/#website","url":"https:\/\/www.bepindeeto.it\/","name":"bepindeeto.it","description":"Vino. Opera di Famiglia. Dal 1965.","publisher":{"@id":"https:\/\/www.bepindeeto.it\/#organization"},"potentialAction":[{"@type":"SearchAction","target":{"@type":"EntryPoint","urlTemplate":"https:\/\/www.bepindeeto.it\/?s={search_term_string}"},"query-input":{"@type":"PropertyValueSpecification","valueRequired":true,"valueName":"search_term_string"}}],"inLanguage":"de"},{"@type":"Organization","@id":"https:\/\/www.bepindeeto.it\/#organization","name":"bepindeeto.it","url":"https:\/\/www.bepindeeto.it\/","logo":{"@type":"ImageObject","inLanguage":"de","@id":"https:\/\/www.bepindeeto.it\/#\/schema\/logo\/image\/","url":"https:\/\/www.bepindeeto.it\/wp-content\/uploads\/2024\/05\/Bepin-De-Eto-Logo-v-3.svg","contentUrl":"https:\/\/www.bepindeeto.it\/wp-content\/uploads\/2024\/05\/Bepin-De-Eto-Logo-v-3.svg","width":175,"height":204,"caption":"bepindeeto.it"},"image":{"@id":"https:\/\/www.bepindeeto.it\/#\/schema\/logo\/image\/"},"sameAs":["https:\/\/www.facebook.com\/cantinabepindeeto","https:\/\/www.instagram.com\/bepin_de_eto\/"]}]}},"_links":{"self":[{"href":"https:\/\/www.bepindeeto.it\/de\/wp-json\/wp\/v2\/pages\/2011","targetHints":{"allow":["GET"]}}],"collection":[{"href":"https:\/\/www.bepindeeto.it\/de\/wp-json\/wp\/v2\/pages"}],"about":[{"href":"https:\/\/www.bepindeeto.it\/de\/wp-json\/wp\/v2\/types\/page"}],"author":[{"embeddable":true,"href":"https:\/\/www.bepindeeto.it\/de\/wp-json\/wp\/v2\/users\/1"}],"replies":[{"embeddable":true,"href":"https:\/\/www.bepindeeto.it\/de\/wp-json\/wp\/v2\/comments?post=2011"}],"version-history":[{"count":5,"href":"https:\/\/www.bepindeeto.it\/de\/wp-json\/wp\/v2\/pages\/2011\/revisions"}],"predecessor-version":[{"id":3864,"href":"https:\/\/www.bepindeeto.it\/de\/wp-json\/wp\/v2\/pages\/2011\/revisions\/3864"}],"wp:attachment":[{"href":"https:\/\/www.bepindeeto.it\/de\/wp-json\/wp\/v2\/media?parent=2011"}],"curies":[{"name":"wp","href":"https:\/\/api.w.org\/{rel}","templated":true}]}}